{"id":869,"date":"2015-11-26T11:12:58","date_gmt":"2015-11-26T11:12:58","guid":{"rendered":"https:\/\/delgadozuleta.bgoapps.es\/en\/tienda\/manzanilla-la-goya\/"},"modified":"2025-12-09T12:46:06","modified_gmt":"2025-12-09T11:46:06","slug":"manzanilla-la-goya","status":"publish","type":"product","link":"https:\/\/delgadozuleta.com\/en\/tienda\/manzanilla-la-goya\/","title":{"rendered":"Manzanilla La Goya"},"content":{"rendered":"<h3 class=\"info-title\"><strong>TECHNICAL SHEET<\/strong><\/h3>\n<p class=\"prod-long-desc\">This wine is biologically aged under layer of flor, using native yeast selected over the years. This Manzanilla is aged about 7 years by the traditional \u201cCriaderas &amp; Solera\u201d system and is made of 100 percent Palomino variety grapes. It is aged in American oak casks restored over the course of the winery\u00b4s 100 plus year history. It is available in bottles of 37.5 and 75 cl and is 15% alcohol by volume.<\/p>\n<h3 class=\"info-title\"><strong>TASTING NOTES<\/strong><\/h3>\n<p class=\"prod-long-desc\">Pale golden yellow in color, clean and glistening. The nose is fine and intense, presenting nuances typical of biological aging. Roasted almond, citrus peel and chamomile aromas are among the many highlights of this wine. It\u2019s light, dry and very smooth on the palate. It displays outstanding persistence and unctuousness. This Manzanilla has certainly reached peak maturity, hence the name \u201cPasada\u201d.<\/p>\n<h3><strong>PAIRING<\/strong><\/h3>\n<p class=\"prod-long-desc\">A wine born to go with all kinds of seafood delicacies, especially shellfish and pescaito (fried fish). It is a perfect aperitif and the traditional accompaniment of typical Andalusian tapas.<\/p>\n<h3><strong>AWARDS<\/strong><\/h3>\n<ul>\n<li>98 puntos Gu\u00eda Proensa 2024<\/li>\n<li>94 puntos Catavinum World Wine &amp; Spirits Competition 2024<\/li>\n<li>91 puntos Gu\u00eda Pe\u00f1\u00edn 2024<\/li>\n<li>91,46 puntos Gu\u00eda Wine Up! 2023-2024<\/li>\n<li>92 puntos Gu\u00eda ADN Verema 2023<\/li>\n<li>91,46 puntos Gu\u00eda Wine Up! 2022-2023<\/li>\n<li>97 puntos Gu\u00eda Proensa 2022<\/li>\n<li>Medalla de Oro International Wine &amp; Spirits Awards 2022<\/li>\n<li>93 puntos Gu\u00eda Pe\u00f1\u00edn 2021<\/li>\n<li>90 puntos Gu\u00eda Intervinos 2020<\/li>\n<li>Medalla de Oro International Wine Awards 2019<\/li>\n<li>Medalla Oro CIVAS 2019<\/li>\n<li>92 puntos Gu\u00eda Wine Up 2019<\/li>\n<li>91 puntos Gu\u00eda Pe\u00f1\u00edn 2019<\/li>\n<li>92 puntos Gu\u00eda Intervinos 2018<\/li>\n<li>90 puntos Gu\u00eda Wine Up 2018<\/li>\n<li>Medalla de Oro International WineAwards 2018<\/li>\n<li>95 puntos Revista Sobremesa 2017<\/li>\n<li>92 puntos Gu\u00eda Intervinos 2016<\/li>\n<li>91 puntos Gu\u00eda Pe\u00f1\u00edn 2016<\/li>\n<li>91 puntos Gu\u00eda Xtreme 2016<\/li>\n<li>90 puntos WineSpectator 2016<\/li>\n<li>96 puntos Gu\u00eda Proensa 2015<\/li>\n<li>93 puntos Gu\u00eda ABC 2015<\/li>\n<li>92 puntos Wine &amp; Spirits 2015<\/li>\n<li>88 puntos Parker (WineAdvocate)<\/li>\n<\/ul>","protected":false},"excerpt":{"rendered":"<p>Flagship, one of the better-positioned Manzanillas worldwide. Impecable, versatile and always appealing. It got its name in 1918 when Ma\u00f1anos Jauffr\u00e9 better known as \u201cla Goya,\u201d a famous copla singer and dancer of the era, leant her name to the wine.<\/p>","protected":false},"featured_media":9533,"template":"","meta":{"inline_featured_image":false,"_uag_custom_page_level_css":"","site-sidebar-layout":"default","site-content-layout":"","ast-site-content-layout":"default","site-content-style":"default","site-sidebar-style":"default","ast-global-header-display":"","ast-banner-title-visibility":"","ast-main-header-display":"","ast-hfb-above-header-display":"","ast-hfb-below-header-display":"","ast-hfb-mobile-header-display":"","site-post-title":"","ast-breadcrumbs-content":"","ast-featured-img":"","footer-sml-layout":"","ast-disable-related-posts":"","theme-transparent-header-meta":"default","adv-header-id-meta":"","stick-header-meta":"","header-above-stick-meta":"","header-main-stick-meta":"","header-below-stick-meta":"","astra-migrate-meta-layouts":"set","ast-page-background-enabled":"default","ast-page-background-meta":{"desktop":{"background-color":"var(--ast-global-color-5)","background-image":"","background-repeat":"repeat","background-position":"center center","background-size":"auto","background-attachment":"scroll","background-type":"","background-media":"","overlay-type":"","overlay-color":"","overlay-opacity":"","overlay-gradient":""},"tablet":{"background-color":"","background-image":"","background-repeat":"repeat","background-position":"center center","background-size":"auto","background-attachment":"scroll","background-type":"","background-media":"","overlay-type":"","overlay-color":"","overlay-opacity":"","overlay-gradient":""},"mobile":{"background-color":"","background-image":"","background-repeat":"repeat","background-position":"center center","background-size":"auto","background-attachment":"scroll","background-type":"","background-media":"","overlay-type":"","overlay-color":"","overlay-opacity":"","overlay-gradient":""}},"ast-content-background-meta":{"desktop":{"background-color":"var(--ast-global-color-4)","background-image":"","background-repeat":"repeat","background-position":"center center","background-size":"auto","background-attachment":"scroll","background-type":"","background-media":"","overlay-type":"","overlay-color":"","overlay-opacity":"","overlay-gradient":""},"tablet":{"background-color":"var(--ast-global-color-4)","background-image":"","background-repeat":"repeat","background-position":"center center","background-size":"auto","background-attachment":"scroll","background-type":"","background-media":"","overlay-type":"","overlay-color":"","overlay-opacity":"","overlay-gradient":""},"mobile":{"background-color":"var(--ast-global-color-4)","background-image":"","background-repeat":"repeat","background-position":"center center","background-size":"auto","background-attachment":"scroll","background-type":"","background-media":"","overlay-type":"","overlay-color":"","overlay-opacity":"","overlay-gradient":""}}},"product_brand":[],"product_cat":[177,8],"product_tag":[],"class_list":{"0":"post-869","1":"product","2":"type-product","3":"status-publish","4":"has-post-thumbnail","6":"product_cat-la-goya","7":"product_cat-manzanillas","8":"pa_capacidad-capacidad-37cl-en","9":"pa_capacidad-capacidad-37cl","10":"pa_capacidad-capacidad-75cl-en","11":"pa_capacidad-capacidad-75cl","12":"desktop-align-center","13":"tablet-align-left","14":"mobile-align-left","16":"first","17":"instock","18":"taxable","19":"shipping-taxable","20":"purchasable","21":"product-type-variable","22":"has-default-attributes"},"yoast_head":"<!-- This site is optimized with the Yoast SEO plugin v27.3 - https:\/\/yoast.com\/product\/yoast-seo-wordpress\/ -->\n<title>Manzanilla La Goya - Bodega Delgado Zuleta<\/title>\n<meta name=\"robots\" content=\"index, follow, max-snippet:-1, max-image-preview:large, max-video-preview:-1\" \/>\n<link rel=\"canonical\" href=\"https:\/\/delgadozuleta.com\/en\/tienda\/manzanilla-la-goya\/\" \/>\n<meta property=\"og:locale\" content=\"en_US\" \/>\n<meta property=\"og:type\" content=\"article\" \/>\n<meta property=\"og:title\" content=\"Manzanilla La Goya - Bodega Delgado Zuleta\" \/>\n<meta property=\"og:description\" content=\"La Goya, manzanilla de Sanl\u00facar. Emblema de la casa, una de las manzanillas m\u00e1s reconocidas en todo el mundo. Impecable, vers\u00e1til y siempre apetecible. Su nombre se remonta a 1918, cuando la famosa cupletista y bailaora de la \u00e9poca Aurora Ma\u00f1anos Jauffr\u00e9, m\u00e1s conocida como \u201cLa Goya\u201d, permite a la bodega hacer uso de su nombre art\u00edstico.\" \/>\n<meta property=\"og:url\" content=\"https:\/\/delgadozuleta.com\/en\/tienda\/manzanilla-la-goya\/\" \/>\n<meta property=\"og:site_name\" content=\"Bodega Delgado Zuleta\" \/>\n<meta property=\"article:modified_time\" content=\"2025-12-09T11:46:06+00:00\" \/>\n<meta property=\"og:image\" content=\"https:\/\/delgadozuleta.com\/wp-content\/uploads\/1.png\" \/>\n\t<meta property=\"og:image:width\" content=\"700\" \/>\n\t<meta property=\"og:image:height\" content=\"1000\" \/>\n\t<meta property=\"og:image:type\" content=\"image\/png\" \/>\n<meta name=\"twitter:card\" content=\"summary_large_image\" \/>\n<meta name=\"twitter:label1\" content=\"Est. reading time\" \/>\n\t<meta name=\"twitter:data1\" content=\"2 minutes\" \/>\n<script type=\"application\/ld+json\" class=\"yoast-schema-graph\">{\"@context\":\"https:\\\/\\\/schema.org\",\"@graph\":[{\"@type\":\"WebPage\",\"@id\":\"https:\\\/\\\/delgadozuleta.com\\\/tienda\\\/manzanilla-la-goya\\\/\",\"url\":\"https:\\\/\\\/delgadozuleta.com\\\/tienda\\\/manzanilla-la-goya\\\/\",\"name\":\"Manzanilla La Goya - Bodega Delgado Zuleta\",\"isPartOf\":{\"@id\":\"https:\\\/\\\/delgadozuleta.com\\\/#website\"},\"primaryImageOfPage\":{\"@id\":\"https:\\\/\\\/delgadozuleta.com\\\/tienda\\\/manzanilla-la-goya\\\/#primaryimage\"},\"image\":{\"@id\":\"https:\\\/\\\/delgadozuleta.com\\\/tienda\\\/manzanilla-la-goya\\\/#primaryimage\"},\"thumbnailUrl\":\"https:\\\/\\\/delgadozuleta.com\\\/wp-content\\\/uploads\\\/1.png\",\"datePublished\":\"2015-11-26T11:12:58+00:00\",\"dateModified\":\"2025-12-09T11:46:06+00:00\",\"breadcrumb\":{\"@id\":\"https:\\\/\\\/delgadozuleta.com\\\/tienda\\\/manzanilla-la-goya\\\/#breadcrumb\"},\"inLanguage\":\"en-US\",\"potentialAction\":[{\"@type\":\"ReadAction\",\"target\":[\"https:\\\/\\\/delgadozuleta.com\\\/tienda\\\/manzanilla-la-goya\\\/\"]}]},{\"@type\":\"ImageObject\",\"inLanguage\":\"en-US\",\"@id\":\"https:\\\/\\\/delgadozuleta.com\\\/tienda\\\/manzanilla-la-goya\\\/#primaryimage\",\"url\":\"https:\\\/\\\/delgadozuleta.com\\\/wp-content\\\/uploads\\\/1.png\",\"contentUrl\":\"https:\\\/\\\/delgadozuleta.com\\\/wp-content\\\/uploads\\\/1.png\",\"width\":700,\"height\":1000},{\"@type\":\"BreadcrumbList\",\"@id\":\"https:\\\/\\\/delgadozuleta.com\\\/tienda\\\/manzanilla-la-goya\\\/#breadcrumb\",\"itemListElement\":[{\"@type\":\"ListItem\",\"position\":1,\"name\":\"Portada\",\"item\":\"https:\\\/\\\/delgadozuleta.com\\\/\"},{\"@type\":\"ListItem\",\"position\":2,\"name\":\"Tienda Online\",\"item\":\"https:\\\/\\\/delgadozuleta.com\\\/en\\\/tienda\\\/\"},{\"@type\":\"ListItem\",\"position\":3,\"name\":\"Manzanilla La Goya\"}]},{\"@type\":\"WebSite\",\"@id\":\"https:\\\/\\\/delgadozuleta.com\\\/#website\",\"url\":\"https:\\\/\\\/delgadozuleta.com\\\/\",\"name\":\"Bodega Delgado Zuleta\",\"description\":\"Hist\u00f3rica bodega del Marco de Jerez especialista en la elaboraci\u00f3n de vinos generosos.\",\"publisher\":{\"@id\":\"https:\\\/\\\/delgadozuleta.com\\\/#organization\"},\"potentialAction\":[{\"@type\":\"SearchAction\",\"target\":{\"@type\":\"EntryPoint\",\"urlTemplate\":\"https:\\\/\\\/delgadozuleta.com\\\/?s={search_term_string}\"},\"query-input\":{\"@type\":\"PropertyValueSpecification\",\"valueRequired\":true,\"valueName\":\"search_term_string\"}}],\"inLanguage\":\"en-US\"},{\"@type\":\"Organization\",\"@id\":\"https:\\\/\\\/delgadozuleta.com\\\/#organization\",\"name\":\"Bodega Delgado Zuleta\",\"url\":\"https:\\\/\\\/delgadozuleta.com\\\/\",\"logo\":{\"@type\":\"ImageObject\",\"inLanguage\":\"en-US\",\"@id\":\"https:\\\/\\\/delgadozuleta.com\\\/#\\\/schema\\\/logo\\\/image\\\/\",\"url\":\"https:\\\/\\\/delgadozuleta.com\\\/wp-content\\\/uploads\\\/logo-transparente-300x133-1.png\",\"contentUrl\":\"https:\\\/\\\/delgadozuleta.com\\\/wp-content\\\/uploads\\\/logo-transparente-300x133-1.png\",\"width\":900,\"height\":400,\"caption\":\"Bodega Delgado Zuleta\"},\"image\":{\"@id\":\"https:\\\/\\\/delgadozuleta.com\\\/#\\\/schema\\\/logo\\\/image\\\/\"}}]}<\/script>\n<!-- \/ Yoast SEO plugin. -->","yoast_head_json":{"title":"Manzanilla La Goya - Bodega Delgado Zuleta","robots":{"index":"index","follow":"follow","max-snippet":"max-snippet:-1","max-image-preview":"max-image-preview:large","max-video-preview":"max-video-preview:-1"},"canonical":"https:\/\/delgadozuleta.com\/en\/tienda\/manzanilla-la-goya\/","og_locale":"en_US","og_type":"article","og_title":"Manzanilla La Goya - Bodega Delgado Zuleta","og_description":"La Goya, manzanilla de Sanl\u00facar. Emblema de la casa, una de las manzanillas m\u00e1s reconocidas en todo el mundo. Impecable, vers\u00e1til y siempre apetecible. Su nombre se remonta a 1918, cuando la famosa cupletista y bailaora de la \u00e9poca Aurora Ma\u00f1anos Jauffr\u00e9, m\u00e1s conocida como \u201cLa Goya\u201d, permite a la bodega hacer uso de su nombre art\u00edstico.","og_url":"https:\/\/delgadozuleta.com\/en\/tienda\/manzanilla-la-goya\/","og_site_name":"Bodega Delgado Zuleta","article_modified_time":"2025-12-09T11:46:06+00:00","og_image":[{"width":700,"height":1000,"url":"https:\/\/delgadozuleta.com\/wp-content\/uploads\/1.png","type":"image\/png"}],"twitter_card":"summary_large_image","twitter_misc":{"Est. reading time":"2 minutes"},"schema":{"@context":"https:\/\/schema.org","@graph":[{"@type":"WebPage","@id":"https:\/\/delgadozuleta.com\/tienda\/manzanilla-la-goya\/","url":"https:\/\/delgadozuleta.com\/tienda\/manzanilla-la-goya\/","name":"Manzanilla La Goya - Bodega Delgado Zuleta","isPartOf":{"@id":"https:\/\/delgadozuleta.com\/#website"},"primaryImageOfPage":{"@id":"https:\/\/delgadozuleta.com\/tienda\/manzanilla-la-goya\/#primaryimage"},"image":{"@id":"https:\/\/delgadozuleta.com\/tienda\/manzanilla-la-goya\/#primaryimage"},"thumbnailUrl":"https:\/\/delgadozuleta.com\/wp-content\/uploads\/1.png","datePublished":"2015-11-26T11:12:58+00:00","dateModified":"2025-12-09T11:46:06+00:00","breadcrumb":{"@id":"https:\/\/delgadozuleta.com\/tienda\/manzanilla-la-goya\/#breadcrumb"},"inLanguage":"en-US","potentialAction":[{"@type":"ReadAction","target":["https:\/\/delgadozuleta.com\/tienda\/manzanilla-la-goya\/"]}]},{"@type":"ImageObject","inLanguage":"en-US","@id":"https:\/\/delgadozuleta.com\/tienda\/manzanilla-la-goya\/#primaryimage","url":"https:\/\/delgadozuleta.com\/wp-content\/uploads\/1.png","contentUrl":"https:\/\/delgadozuleta.com\/wp-content\/uploads\/1.png","width":700,"height":1000},{"@type":"BreadcrumbList","@id":"https:\/\/delgadozuleta.com\/tienda\/manzanilla-la-goya\/#breadcrumb","itemListElement":[{"@type":"ListItem","position":1,"name":"Portada","item":"https:\/\/delgadozuleta.com\/"},{"@type":"ListItem","position":2,"name":"Tienda Online","item":"https:\/\/delgadozuleta.com\/en\/tienda\/"},{"@type":"ListItem","position":3,"name":"Manzanilla La Goya"}]},{"@type":"WebSite","@id":"https:\/\/delgadozuleta.com\/#website","url":"https:\/\/delgadozuleta.com\/","name":"Bodega Delgado Zuleta","description":"Hist\u00f3rica bodega del Marco de Jerez especialista en la elaboraci\u00f3n de vinos generosos.","publisher":{"@id":"https:\/\/delgadozuleta.com\/#organization"},"potentialAction":[{"@type":"SearchAction","target":{"@type":"EntryPoint","urlTemplate":"https:\/\/delgadozuleta.com\/?s={search_term_string}"},"query-input":{"@type":"PropertyValueSpecification","valueRequired":true,"valueName":"search_term_string"}}],"inLanguage":"en-US"},{"@type":"Organization","@id":"https:\/\/delgadozuleta.com\/#organization","name":"Bodega Delgado Zuleta","url":"https:\/\/delgadozuleta.com\/","logo":{"@type":"ImageObject","inLanguage":"en-US","@id":"https:\/\/delgadozuleta.com\/#\/schema\/logo\/image\/","url":"https:\/\/delgadozuleta.com\/wp-content\/uploads\/logo-transparente-300x133-1.png","contentUrl":"https:\/\/delgadozuleta.com\/wp-content\/uploads\/logo-transparente-300x133-1.png","width":900,"height":400,"caption":"Bodega Delgado Zuleta"},"image":{"@id":"https:\/\/delgadozuleta.com\/#\/schema\/logo\/image\/"}}]}},"uagb_featured_image_src":{"full":["https:\/\/delgadozuleta.com\/wp-content\/uploads\/1.png",700,1000,false],"thumbnail":["https:\/\/delgadozuleta.com\/wp-content\/uploads\/1-150x150.png",150,150,true],"medium":["https:\/\/delgadozuleta.com\/wp-content\/uploads\/1-245x350.png",245,350,true],"medium_large":["https:\/\/delgadozuleta.com\/wp-content\/uploads\/1.png",700,1000,false],"large":["https:\/\/delgadozuleta.com\/wp-content\/uploads\/1.png",700,1000,false],"1536x1536":["https:\/\/delgadozuleta.com\/wp-content\/uploads\/1.png",700,1000,false],"2048x2048":["https:\/\/delgadozuleta.com\/wp-content\/uploads\/1.png",700,1000,false],"trp-custom-language-flag":["https:\/\/delgadozuleta.com\/wp-content\/uploads\/1-8x12.png",8,12,true],"woocommerce_thumbnail":["https:\/\/delgadozuleta.com\/wp-content\/uploads\/1-400x600.png",400,600,true],"woocommerce_single":["https:\/\/delgadozuleta.com\/wp-content\/uploads\/1-510x729.png",510,729,true],"woocommerce_gallery_thumbnail":["https:\/\/delgadozuleta.com\/wp-content\/uploads\/1-100x100.png",100,100,true]},"uagb_author_info":{"display_name":"BSINFOR EDUARDO","author_link":"https:\/\/delgadozuleta.com\/en\/blog\/author\/"},"uagb_comment_info":0,"uagb_excerpt":"La Goya, manzanilla de Sanl\u00facar. Emblema de la casa, una de las manzanillas m\u00e1s reconocidas en todo el mundo. Impecable, vers\u00e1til y siempre apetecible. Su nombre se remonta a 1918, cuando la famosa cupletista y bailaora de la \u00e9poca Aurora Ma\u00f1anos Jauffr\u00e9, m\u00e1s conocida como \u201cLa Goya\u201d, permite a la bodega hacer uso de su&hellip;","_links":{"self":[{"href":"https:\/\/delgadozuleta.com\/en\/wp-json\/wp\/v2\/product\/869","targetHints":{"allow":["GET"]}}],"collection":[{"href":"https:\/\/delgadozuleta.com\/en\/wp-json\/wp\/v2\/product"}],"about":[{"href":"https:\/\/delgadozuleta.com\/en\/wp-json\/wp\/v2\/types\/product"}],"wp:featuredmedia":[{"embeddable":true,"href":"https:\/\/delgadozuleta.com\/en\/wp-json\/wp\/v2\/media\/9533"}],"wp:attachment":[{"href":"https:\/\/delgadozuleta.com\/en\/wp-json\/wp\/v2\/media?parent=869"}],"wp:term":[{"taxonomy":"product_brand","embeddable":true,"href":"https:\/\/delgadozuleta.com\/en\/wp-json\/wp\/v2\/product_brand?post=869"},{"taxonomy":"product_cat","embeddable":true,"href":"https:\/\/delgadozuleta.com\/en\/wp-json\/wp\/v2\/product_cat?post=869"},{"taxonomy":"product_tag","embeddable":true,"href":"https:\/\/delgadozuleta.com\/en\/wp-json\/wp\/v2\/product_tag?post=869"}],"curies":[{"name":"wp","href":"https:\/\/api.w.org\/{rel}","templated":true}]}}